{"version":"1.0","type":"rich","width":"560px","height":"140px","title":"WR299 Ich glaube bei Stefan knackt es - Nach dem wichtigen Sieg im Nordderby hat Werder sich einen verdienten Punkt in Stuttgart erk\u00e4mpft? Reicht das schon zum Klassenerhalt? Au\u00dferdem gibt es noch ein ernstes Thema. Lasst euch f\u00fcr die an Leuk\u00e4mie erkrankte Freundin vor Eren Dinkci bei der ","url":"https:\/\/werder-raute.de\/2026\/04\/28\/wr299-ich-glaube-bei-stefan-knackt-es\/","author_name":"Die Werder Raute - Der Stammtisch - Der Podcast von Fans f\u00fcr Fans","author_url":"https:\/\/werder-raute.de","thumbnail_url":"http:\/\/werder-raute.de\/wp-content\/uploads\/2024\/10\/Die_Werder_Raute_Logo_2024..jpg","html":"<iframe width=\"560px\" height=\"140px\" src=\"https:\/\/werder-raute.de\/2026\/04\/28\/wr299-ich-glaube-bei-stefan-knackt-es\/?standalonePlayer\"><\/iframe>"}